{"id":4958,"date":"2023-08-08T13:42:36","date_gmt":"2023-08-08T17:42:36","guid":{"rendered":"https:\/\/quartiergreene.ca\/?post_type=job_listing&#038;p=4958"},"modified":"2025-03-09T22:08:45","modified_gmt":"2025-03-10T02:08:45","slug":"galerie-203","status":"publish","type":"job_listing","link":"https:\/\/quartiergreene.ca\/fr\/commerce\/galerie-203\/","title":{"rendered":"Galerie 203"},"content":{"rendered":"<div class=\"kl-title-block clearfix tbk--text- tbk--left text-left tbk-symbol-- tbk-icon-pos--after-title eluid239523b0 \">\n<h5 class=\"tbk__title\">Notre galerie<\/h5>\n<\/div>\n<div class=\"zn_text_box eluid7d8c1e5e zn_text_box-light element-scheme--light\">\n<p class=\"font_7\">Corinne Asseraf, propri\u00e9taire, a\u00a0imagin\u00e9 la Galerie 203 comme un lieu de d\u00e9couverte, de rencontres et d\u2019\u00e9changes entre artistes et passionn\u00e9(e)s d\u2019Art.<\/p>\n<p class=\"font_7\"><span class=\"CSS1Compat\">La Galerie 203 est une galerie d&rsquo;art situ\u00e9e en plein c\u0153ur du Vieux-Montr\u00e9al et Westmount. Elle a pour vocation d\u2019exposer de nombreux artistes \u00e0 l&rsquo;int\u00e9rieur de trois locaux voisins en combinant diversit\u00e9 g\u00e9ographique et expressive : la peinture, la photographie, la s\u00e9rigraphie, la sculpture en passant par des installations et projets plus fous les uns que les autres&#8230;<\/span><\/p>\n<p class=\"font_7\"><span class=\"CSS1Compat\">De nombreux\u00a0\u00e9v\u00e9nements et\u00a0exposiitons \u00a0<\/span><span class=\"CSS1Compat\">sont programm\u00e9s dans nos galeries\u00a0chaque mois\u00a0.<\/span><\/p>\n<hr \/>\n<p><a href=\"https:\/\/quartiergreene.ca\/en\/merchant\/deca-lighting\/merchantsticker-2024-qg\/\" rel=\"attachment wp-att-5251\"><img loading=\"lazy\" decoding=\"async\" class=\"alignright size-thumbnail wp-image-5251\" src=\"https:\/\/quartiergreene.ca\/wp-content\/uploads\/2025\/03\/merchantsticker-2024-qg-150x150.png\" alt=\"\" width=\"150\" height=\"150\" srcset=\"https:\/\/quartiergreene.ca\/wp-content\/uploads\/2025\/03\/merchantsticker-2024-qg-150x150.png 150w, https:\/\/quartiergreene.ca\/wp-content\/uploads\/2025\/03\/merchantsticker-2024-qg-300x300.png 300w, https:\/\/quartiergreene.ca\/wp-content\/uploads\/2025\/03\/merchantsticker-2024-qg-1024x1024.png 1024w, https:\/\/quartiergreene.ca\/wp-content\/uploads\/2025\/03\/merchantsticker-2024-qg-768x768.png 768w, https:\/\/quartiergreene.ca\/wp-content\/uploads\/2025\/03\/merchantsticker-2024-qg-550x550.png 550w, https:\/\/quartiergreene.ca\/wp-content\/uploads\/2025\/03\/merchantsticker-2024-qg-1100x1100.png 1100w, https:\/\/quartiergreene.ca\/wp-content\/uploads\/2025\/03\/merchantsticker-2024-qg.png 1152w\" sizes=\"auto, (max-width: 150px) 100vw, 150px\" \/><\/a><a href=\"https:\/\/quartiergreene.ca\/fr\/commerce\/la-cache\/greenemerchants\/\" rel=\"attachment wp-att-4949\"><img loading=\"lazy\" decoding=\"async\" class=\"alignright size-thumbnail wp-image-4949\" src=\"https:\/\/quartiergreene.ca\/wp-content\/uploads\/2019\/05\/greenemerchants-150x150.png\" alt=\"\" width=\"150\" height=\"150\" srcset=\"https:\/\/quartiergreene.ca\/wp-content\/uploads\/2019\/05\/greenemerchants-150x150.png 150w, https:\/\/quartiergreene.ca\/wp-content\/uploads\/2019\/05\/greenemerchants-300x300.png 300w, https:\/\/quartiergreene.ca\/wp-content\/uploads\/2019\/05\/greenemerchants-550x550.png 550w, https:\/\/quartiergreene.ca\/wp-content\/uploads\/2019\/05\/greenemerchants.png 577w\" sizes=\"auto, (max-width: 150px) 100vw, 150px\" \/><\/a><\/p>\n<\/div>\n","protected":false},"author":7,"featured_media":5007,"comment_status":"closed","ping_status":"closed","template":"","meta":{"_acf_changed":false,"_promoted":"","_job_location":"1346 Ave Greene, Westmount, Quebec H3Z 2B1","_application":"","_company_name":"","_company_tagline":"","_company_twitter":"","_company_video":"","_filled":0,"_featured":0,"_remote_position":0,"_job_salary":"","_job_salary_currency":"","_job_salary_unit":""},"job-categories":[],"job-types":[29],"class_list":{"0":"post-4958","1":"job_listing","2":"type-job_listing","3":"status-publish","4":"has-post-thumbnail","5":"hentry","6":"job_listing_type-merchants","8":"job-type-merchants"},"acf":[],"yoast_head":"<!-- This site is optimized with the Yoast SEO plugin v23.4 - https:\/\/yoast.com\/wordpress\/plugins\/seo\/ -->\n<title>Galerie 203 - Quartier Greene<\/title>\n<meta name=\"description\" content=\"Corinne Asseraf, propri\u00e9taire, a\u00a0imagin\u00e9 la Galerie 203 comme un lieu de d\u00e9couverte, de rencontres et d\u2019\u00e9changes entre artistes et passionn\u00e9(e)s d\u2019Art.La Galerie 203 est une galerie d&#039;art...\" \/>\n<meta name=\"robots\" content=\"index, follow, max-snippet:-1, max-image-preview:large, max-video-preview:-1\" \/>\n<link rel=\"canonical\" href=\"https:\/\/quartiergreene.ca\/fr\/commerce\/galerie-203\/\" \/>\n<meta property=\"og:locale\" content=\"fr_FR\" \/>\n<meta property=\"og:type\" content=\"article\" \/>\n<meta property=\"og:title\" content=\"Galerie 203 - Quartier Greene\" \/>\n<meta property=\"og:description\" content=\"Corinne Asseraf, propri\u00e9taire, a\u00a0imagin\u00e9 la Galerie 203 comme un lieu de d\u00e9couverte, de rencontres et d\u2019\u00e9changes entre artistes et passionn\u00e9(e)s d\u2019Art.La Galerie 203 est une galerie d&#039;art...\" \/>\n<meta property=\"og:url\" content=\"https:\/\/quartiergreene.ca\/fr\/commerce\/galerie-203\/\" \/>\n<meta property=\"og:site_name\" content=\"Quartier Greene\" \/>\n<meta property=\"article:publisher\" content=\"https:\/\/www.facebook.com\/Quartier-Greene-201511353217647\/\" \/>\n<meta property=\"article:modified_time\" content=\"2025-03-10T02:08:45+00:00\" \/>\n<meta property=\"og:image\" content=\"https:\/\/quartiergreene.ca\/wp-content\/uploads\/2023\/08\/203.jpeg\" \/>\n\t<meta property=\"og:image:width\" content=\"225\" \/>\n\t<meta property=\"og:image:height\" content=\"225\" \/>\n\t<meta property=\"og:image:type\" content=\"image\/jpeg\" \/>\n<meta name=\"twitter:card\" content=\"summary_large_image\" \/>\n<meta name=\"twitter:site\" content=\"@QuartierGreene\" \/>\n<meta name=\"twitter:label1\" content=\"Dur\u00e9e de lecture estim\u00e9e\" \/>\n\t<meta name=\"twitter:data1\" content=\"1 minute\" \/>\n<script type=\"application\/ld+json\" class=\"yoast-schema-graph\">{\"@context\":\"https:\/\/schema.org\",\"@graph\":[{\"@type\":\"WebPage\",\"@id\":\"https:\/\/quartiergreene.ca\/fr\/commerce\/galerie-203\/\",\"url\":\"https:\/\/quartiergreene.ca\/fr\/commerce\/galerie-203\/\",\"name\":\"Galerie 203 - Quartier Greene\",\"isPartOf\":{\"@id\":\"https:\/\/quartiergreene.ca\/fr\/#website\"},\"primaryImageOfPage\":{\"@id\":\"https:\/\/quartiergreene.ca\/fr\/commerce\/galerie-203\/#primaryimage\"},\"image\":{\"@id\":\"https:\/\/quartiergreene.ca\/fr\/commerce\/galerie-203\/#primaryimage\"},\"thumbnailUrl\":\"https:\/\/quartiergreene.ca\/wp-content\/uploads\/2023\/08\/203.jpeg\",\"datePublished\":\"2023-08-08T17:42:36+00:00\",\"dateModified\":\"2025-03-10T02:08:45+00:00\",\"description\":\"Corinne Asseraf, propri\u00e9taire, a\u00a0imagin\u00e9 la Galerie 203 comme un lieu de d\u00e9couverte, de rencontres et d\u2019\u00e9changes entre artistes et passionn\u00e9(e)s d\u2019Art.La Galerie 203 est une galerie d'art...\",\"breadcrumb\":{\"@id\":\"https:\/\/quartiergreene.ca\/fr\/commerce\/galerie-203\/#breadcrumb\"},\"inLanguage\":\"fr-FR\",\"potentialAction\":[{\"@type\":\"ReadAction\",\"target\":[\"https:\/\/quartiergreene.ca\/fr\/commerce\/galerie-203\/\"]}]},{\"@type\":\"ImageObject\",\"inLanguage\":\"fr-FR\",\"@id\":\"https:\/\/quartiergreene.ca\/fr\/commerce\/galerie-203\/#primaryimage\",\"url\":\"https:\/\/quartiergreene.ca\/wp-content\/uploads\/2023\/08\/203.jpeg\",\"contentUrl\":\"https:\/\/quartiergreene.ca\/wp-content\/uploads\/2023\/08\/203.jpeg\",\"width\":225,\"height\":225},{\"@type\":\"BreadcrumbList\",\"@id\":\"https:\/\/quartiergreene.ca\/fr\/commerce\/galerie-203\/#breadcrumb\",\"itemListElement\":[{\"@type\":\"ListItem\",\"position\":1,\"name\":\"Home\",\"item\":\"https:\/\/quartiergreene.ca\/fr\/\"},{\"@type\":\"ListItem\",\"position\":2,\"name\":\"Listings\",\"item\":\"https:\/\/quartiergreene.ca\/en\/commerces\/\"},{\"@type\":\"ListItem\",\"position\":3,\"name\":\"Galerie 203\"}]},{\"@type\":\"WebSite\",\"@id\":\"https:\/\/quartiergreene.ca\/fr\/#website\",\"url\":\"https:\/\/quartiergreene.ca\/fr\/\",\"name\":\"Quartier Greene\",\"description\":\"City style, neighbourhood charm\",\"publisher\":{\"@id\":\"https:\/\/quartiergreene.ca\/fr\/#organization\"},\"potentialAction\":[{\"@type\":\"SearchAction\",\"target\":{\"@type\":\"EntryPoint\",\"urlTemplate\":\"https:\/\/quartiergreene.ca\/fr\/?s={search_term_string}\"},\"query-input\":{\"@type\":\"PropertyValueSpecification\",\"valueRequired\":true,\"valueName\":\"search_term_string\"}}],\"inLanguage\":\"fr-FR\"},{\"@type\":\"Organization\",\"@id\":\"https:\/\/quartiergreene.ca\/fr\/#organization\",\"name\":\"Greene Neighbourhood Merchants\u2019 Association\",\"url\":\"https:\/\/quartiergreene.ca\/fr\/\",\"logo\":{\"@type\":\"ImageObject\",\"inLanguage\":\"fr-FR\",\"@id\":\"https:\/\/quartiergreene.ca\/fr\/#\/schema\/logo\/image\/\",\"url\":\"https:\/\/quartiergreene.ca\/wp-content\/uploads\/2019\/05\/logo-quartier-greene-westmount.svg\",\"contentUrl\":\"https:\/\/quartiergreene.ca\/wp-content\/uploads\/2019\/05\/logo-quartier-greene-westmount.svg\",\"width\":360,\"height\":65,\"caption\":\"Greene Neighbourhood Merchants\u2019 Association\"},\"image\":{\"@id\":\"https:\/\/quartiergreene.ca\/fr\/#\/schema\/logo\/image\/\"},\"sameAs\":[\"https:\/\/www.facebook.com\/Quartier-Greene-201511353217647\/\",\"https:\/\/x.com\/QuartierGreene\"]}]}<\/script>\n<!-- \/ Yoast SEO plugin. -->","yoast_head_json":{"title":"Galerie 203 - Quartier Greene","description":"Corinne Asseraf, propri\u00e9taire, a\u00a0imagin\u00e9 la Galerie 203 comme un lieu de d\u00e9couverte, de rencontres et d\u2019\u00e9changes entre artistes et passionn\u00e9(e)s d\u2019Art.La Galerie 203 est une galerie d'art...","robots":{"index":"index","follow":"follow","max-snippet":"max-snippet:-1","max-image-preview":"max-image-preview:large","max-video-preview":"max-video-preview:-1"},"canonical":"https:\/\/quartiergreene.ca\/fr\/commerce\/galerie-203\/","og_locale":"fr_FR","og_type":"article","og_title":"Galerie 203 - Quartier Greene","og_description":"Corinne Asseraf, propri\u00e9taire, a\u00a0imagin\u00e9 la Galerie 203 comme un lieu de d\u00e9couverte, de rencontres et d\u2019\u00e9changes entre artistes et passionn\u00e9(e)s d\u2019Art.La Galerie 203 est une galerie d'art...","og_url":"https:\/\/quartiergreene.ca\/fr\/commerce\/galerie-203\/","og_site_name":"Quartier Greene","article_publisher":"https:\/\/www.facebook.com\/Quartier-Greene-201511353217647\/","article_modified_time":"2025-03-10T02:08:45+00:00","og_image":[{"width":225,"height":225,"url":"https:\/\/quartiergreene.ca\/wp-content\/uploads\/2023\/08\/203.jpeg","type":"image\/jpeg"}],"twitter_card":"summary_large_image","twitter_site":"@QuartierGreene","twitter_misc":{"Dur\u00e9e de lecture estim\u00e9e":"1 minute"},"schema":{"@context":"https:\/\/schema.org","@graph":[{"@type":"WebPage","@id":"https:\/\/quartiergreene.ca\/fr\/commerce\/galerie-203\/","url":"https:\/\/quartiergreene.ca\/fr\/commerce\/galerie-203\/","name":"Galerie 203 - Quartier Greene","isPartOf":{"@id":"https:\/\/quartiergreene.ca\/fr\/#website"},"primaryImageOfPage":{"@id":"https:\/\/quartiergreene.ca\/fr\/commerce\/galerie-203\/#primaryimage"},"image":{"@id":"https:\/\/quartiergreene.ca\/fr\/commerce\/galerie-203\/#primaryimage"},"thumbnailUrl":"https:\/\/quartiergreene.ca\/wp-content\/uploads\/2023\/08\/203.jpeg","datePublished":"2023-08-08T17:42:36+00:00","dateModified":"2025-03-10T02:08:45+00:00","description":"Corinne Asseraf, propri\u00e9taire, a\u00a0imagin\u00e9 la Galerie 203 comme un lieu de d\u00e9couverte, de rencontres et d\u2019\u00e9changes entre artistes et passionn\u00e9(e)s d\u2019Art.La Galerie 203 est une galerie d'art...","breadcrumb":{"@id":"https:\/\/quartiergreene.ca\/fr\/commerce\/galerie-203\/#breadcrumb"},"inLanguage":"fr-FR","potentialAction":[{"@type":"ReadAction","target":["https:\/\/quartiergreene.ca\/fr\/commerce\/galerie-203\/"]}]},{"@type":"ImageObject","inLanguage":"fr-FR","@id":"https:\/\/quartiergreene.ca\/fr\/commerce\/galerie-203\/#primaryimage","url":"https:\/\/quartiergreene.ca\/wp-content\/uploads\/2023\/08\/203.jpeg","contentUrl":"https:\/\/quartiergreene.ca\/wp-content\/uploads\/2023\/08\/203.jpeg","width":225,"height":225},{"@type":"BreadcrumbList","@id":"https:\/\/quartiergreene.ca\/fr\/commerce\/galerie-203\/#breadcrumb","itemListElement":[{"@type":"ListItem","position":1,"name":"Home","item":"https:\/\/quartiergreene.ca\/fr\/"},{"@type":"ListItem","position":2,"name":"Listings","item":"https:\/\/quartiergreene.ca\/en\/commerces\/"},{"@type":"ListItem","position":3,"name":"Galerie 203"}]},{"@type":"WebSite","@id":"https:\/\/quartiergreene.ca\/fr\/#website","url":"https:\/\/quartiergreene.ca\/fr\/","name":"Quartier Greene","description":"City style, neighbourhood charm","publisher":{"@id":"https:\/\/quartiergreene.ca\/fr\/#organization"},"potentialAction":[{"@type":"SearchAction","target":{"@type":"EntryPoint","urlTemplate":"https:\/\/quartiergreene.ca\/fr\/?s={search_term_string}"},"query-input":{"@type":"PropertyValueSpecification","valueRequired":true,"valueName":"search_term_string"}}],"inLanguage":"fr-FR"},{"@type":"Organization","@id":"https:\/\/quartiergreene.ca\/fr\/#organization","name":"Greene Neighbourhood Merchants\u2019 Association","url":"https:\/\/quartiergreene.ca\/fr\/","logo":{"@type":"ImageObject","inLanguage":"fr-FR","@id":"https:\/\/quartiergreene.ca\/fr\/#\/schema\/logo\/image\/","url":"https:\/\/quartiergreene.ca\/wp-content\/uploads\/2019\/05\/logo-quartier-greene-westmount.svg","contentUrl":"https:\/\/quartiergreene.ca\/wp-content\/uploads\/2019\/05\/logo-quartier-greene-westmount.svg","width":360,"height":65,"caption":"Greene Neighbourhood Merchants\u2019 Association"},"image":{"@id":"https:\/\/quartiergreene.ca\/fr\/#\/schema\/logo\/image\/"},"sameAs":["https:\/\/www.facebook.com\/Quartier-Greene-201511353217647\/","https:\/\/x.com\/QuartierGreene"]}]}},"_links":{"self":[{"href":"https:\/\/quartiergreene.ca\/fr\/wp-json\/wp\/v2\/job-listings\/4958","targetHints":{"allow":["GET"]}}],"collection":[{"href":"https:\/\/quartiergreene.ca\/fr\/wp-json\/wp\/v2\/job-listings"}],"about":[{"href":"https:\/\/quartiergreene.ca\/fr\/wp-json\/wp\/v2\/types\/job_listing"}],"author":[{"embeddable":true,"href":"https:\/\/quartiergreene.ca\/fr\/wp-json\/wp\/v2\/users\/7"}],"replies":[{"embeddable":true,"href":"https:\/\/quartiergreene.ca\/fr\/wp-json\/wp\/v2\/comments?post=4958"}],"wp:featuredmedia":[{"embeddable":true,"href":"https:\/\/quartiergreene.ca\/fr\/wp-json\/wp\/v2\/media\/5007"}],"wp:attachment":[{"href":"https:\/\/quartiergreene.ca\/fr\/wp-json\/wp\/v2\/media?parent=4958"}],"wp:term":[{"taxonomy":"job_listing_category","embeddable":true,"href":"https:\/\/quartiergreene.ca\/fr\/wp-json\/wp\/v2\/job-categories?post=4958"},{"taxonomy":"job_listing_type","embeddable":true,"href":"https:\/\/quartiergreene.ca\/fr\/wp-json\/wp\/v2\/job-types?post=4958"}],"curies":[{"name":"wp","href":"https:\/\/api.w.org\/{rel}","templated":true}]}}