{"id":2814,"date":"2019-05-03T14:06:52","date_gmt":"2019-05-03T18:06:52","guid":{"rendered":"https:\/\/quartiergreene.ca\/?page_id=2814"},"modified":"2026-03-23T17:00:58","modified_gmt":"2026-03-23T21:00:58","slug":"a-propos","status":"publish","type":"page","link":"https:\/\/quartiergreene.ca\/fr\/a-propos\/","title":{"rendered":"\u00c0 propos"},"content":{"rendered":"<div class=\"wpb-content-wrapper\"><p>[vc_row][vc_column][vc_column_text]<\/p>\n<h2>Association des marchands du quartier Greene<\/h2>\n<p>Cr\u00e9\u00e9e en avril 2018 en tant qu\u2019OSBL (organisme sans but lucratif), l\u2019Association des marchands du quartier Greene se veut le regroupement des commer\u00e7ants et professionnels situ\u00e9s sur l\u2019avenue Greene (entre Sherbrooke et Sainte-Catherine) et sur la rue Sainte-Catherine (entre Clarke et Wood). Ses objectifs sont de mobiliser ses membres autour de projets communs, de d\u00e9fendre leurs int\u00e9r\u00eats, de promouvoir son secteur commercial et de stimuler son dynamisme.<\/p>\n<p>[\/vc_column_text][vc_empty_space][\/vc_column][\/vc_row][vc_row][vc_column][vc_column_text]<\/p>\n<h2>Conseil d&rsquo;administration<\/h2>\n<p>[\/vc_column_text][vc_empty_space][vc_row_inner][vc_column_inner width=\u00a0\u00bb1\/5&Prime;][vc_column_text]<\/p>\n<h4 style=\"margin-bottom: 0;\">Rob Callard<\/h4>\n<p style=\"margin-top: 0;\"><em>Pr\u00e9sident<\/em><\/p>\n<p>[\/vc_column_text][vc_empty_space height=\u00a0\u00bb20px\u00a0\u00bb][\/vc_column_inner][vc_column_inner width=\u00a0\u00bb1\/5&Prime;][vc_column_text css=\u00a0\u00bb\u00a0\u00bb]<\/p>\n<h4 style=\"margin-bottom: 0;\">Glenn Neven<\/h4>\n<p style=\"margin-top: 0;\"><em>Vice-pr\u00e9sident<\/em><\/p>\n<p>[\/vc_column_text][vc_empty_space height=\u00a0\u00bb20px\u00a0\u00bb][\/vc_column_inner][vc_column_inner width=\u00a0\u00bb1\/5&Prime;][vc_column_text]<\/p>\n<h4 style=\"margin-bottom: 0;\">Corrine Asseraf<\/h4>\n<p style=\"margin-top: 0;\"><em>Tr\u00e9sorier<\/em><\/p>\n<p>[\/vc_column_text][vc_empty_space height=\u00a0\u00bb20px\u00a0\u00bb][\/vc_column_inner][vc_column_inner width=\u00a0\u00bb1\/5&Prime;][vc_column_text css=\u00a0\u00bb\u00a0\u00bb]<\/p>\n<h4 style=\"margin-bottom: 0;\">Lorri Faughnan<\/h4>\n<p style=\"margin-top: 0;\"><em>Secr\u00e9taire<\/em><\/p>\n<p>[\/vc_column_text][vc_empty_space height=\u00a0\u00bb20px\u00a0\u00bb][\/vc_column_inner][vc_column_inner width=\u00a0\u00bb1\/5&Prime;][vc_column_text css=\u00a0\u00bb\u00a0\u00bb]<\/p>\n<h4 style=\"margin-bottom: 0;\">Laurence Miranda<\/h4>\n<p style=\"margin-top: 0;\"><em>Directrice<\/em><\/p>\n<p>[\/vc_column_text][vc_empty_space height=\u00a0\u00bb20px\u00a0\u00bb][\/vc_column_inner][\/vc_row_inner][vc_row_inner][vc_column_inner width=\u00a0\u00bb1\/5&Prime;][vc_column_text css=\u00a0\u00bb\u00a0\u00bb]<\/p>\n<h4 style=\"margin-bottom: 0;\">Alexandre Rochette<\/h4>\n<p style=\"margin-top: 0;\"><em>Directeur<\/em><\/p>\n<p>[\/vc_column_text][vc_empty_space height=\u00a0\u00bb20px\u00a0\u00bb][\/vc_column_inner][vc_column_inner width=\u00a0\u00bb1\/5&Prime;][vc_column_text css=\u00a0\u00bb\u00a0\u00bb]<\/p>\n<h4 style=\"margin-bottom: 0;\">Gabrielle Lisku<\/h4>\n<p style=\"margin-top: 0;\"><em>Directrice<\/em><\/p>\n<p>[\/vc_column_text][vc_empty_space height=\u00a0\u00bb20px\u00a0\u00bb][\/vc_column_inner][vc_column_inner width=\u00a0\u00bb1\/5&Prime;][vc_column_text css=\u00a0\u00bb\u00a0\u00bb]<\/p>\n<h4 style=\"margin-bottom: 0;\">Conseiler Paul Levine<\/h4>\n<p style=\"margin-top: 0;\">Liaison avec le conseil municipal de Westmount<\/p>\n<p>[\/vc_column_text][vc_empty_space height=\u00a0\u00bb20px\u00a0\u00bb][\/vc_column_inner][\/vc_row_inner][vc_empty_space height=\u00a0\u00bb35px\u00a0\u00bb][\/vc_column][\/vc_row]<\/p>\n<\/div>","protected":false},"excerpt":{"rendered":"<p>[vc_row][vc_column][vc_column_text] Association des marchands du quartier Greene Cr\u00e9\u00e9e en avril 2018 en tant qu\u2019OSBL (organisme sans but lucratif), l\u2019Association des marchands du quartier Greene se veut le regroupement des commer\u00e7ants et professionnels situ\u00e9s sur l\u2019avenue Greene (entre Sherbrooke et Sainte-Catherine) [&hellip;]<\/p>\n","protected":false},"author":1,"featured_media":3065,"parent":0,"menu_order":0,"comment_status":"closed","ping_status":"closed","template":"","meta":{"_acf_changed":false,"footnotes":""},"class_list":["post-2814","page","type-page","status-publish","has-post-thumbnail","hentry"],"acf":[],"yoast_head":"<!-- This site is optimized with the Yoast SEO plugin v23.4 - https:\/\/yoast.com\/wordpress\/plugins\/seo\/ -->\n<title>\u00c0 propos - Quartier Greene<\/title>\n<meta name=\"robots\" content=\"index, follow, max-snippet:-1, max-image-preview:large, max-video-preview:-1\" \/>\n<link rel=\"canonical\" href=\"https:\/\/quartiergreene.ca\/fr\/a-propos\/\" \/>\n<meta property=\"og:locale\" content=\"fr_FR\" \/>\n<meta property=\"og:type\" content=\"article\" \/>\n<meta property=\"og:title\" content=\"\u00c0 propos - Quartier Greene\" \/>\n<meta property=\"og:description\" content=\"[vc_row][vc_column][vc_column_text] Association des marchands du quartier Greene Cr\u00e9\u00e9e en avril 2018 en tant qu\u2019OSBL (organisme sans but lucratif), l\u2019Association des marchands du quartier Greene se veut le regroupement des commer\u00e7ants et professionnels situ\u00e9s sur l\u2019avenue Greene (entre Sherbrooke et Sainte-Catherine) [&hellip;]\" \/>\n<meta property=\"og:url\" content=\"https:\/\/quartiergreene.ca\/fr\/a-propos\/\" \/>\n<meta property=\"og:site_name\" content=\"Quartier Greene\" \/>\n<meta property=\"article:publisher\" content=\"https:\/\/www.facebook.com\/Quartier-Greene-201511353217647\/\" \/>\n<meta property=\"article:modified_time\" content=\"2026-03-23T21:00:58+00:00\" \/>\n<meta name=\"twitter:card\" content=\"summary_large_image\" \/>\n<meta name=\"twitter:site\" content=\"@QuartierGreene\" \/>\n<meta name=\"twitter:label1\" content=\"Dur\u00e9e de lecture estim\u00e9e\" \/>\n\t<meta name=\"twitter:data1\" content=\"1 minute\" \/>\n<script type=\"application\/ld+json\" class=\"yoast-schema-graph\">{\"@context\":\"https:\/\/schema.org\",\"@graph\":[{\"@type\":\"WebPage\",\"@id\":\"https:\/\/quartiergreene.ca\/fr\/a-propos\/\",\"url\":\"https:\/\/quartiergreene.ca\/fr\/a-propos\/\",\"name\":\"\u00c0 propos - Quartier Greene\",\"isPartOf\":{\"@id\":\"https:\/\/quartiergreene.ca\/fr\/#website\"},\"primaryImageOfPage\":{\"@id\":\"https:\/\/quartiergreene.ca\/fr\/a-propos\/#primaryimage\"},\"image\":{\"@id\":\"https:\/\/quartiergreene.ca\/fr\/a-propos\/#primaryimage\"},\"thumbnailUrl\":\"https:\/\/quartiergreene.ca\/wp-content\/uploads\/2019\/05\/placeholder-listing.svg\",\"datePublished\":\"2019-05-03T18:06:52+00:00\",\"dateModified\":\"2026-03-23T21:00:58+00:00\",\"breadcrumb\":{\"@id\":\"https:\/\/quartiergreene.ca\/fr\/a-propos\/#breadcrumb\"},\"inLanguage\":\"fr-FR\",\"potentialAction\":[{\"@type\":\"ReadAction\",\"target\":[\"https:\/\/quartiergreene.ca\/fr\/a-propos\/\"]}]},{\"@type\":\"ImageObject\",\"inLanguage\":\"fr-FR\",\"@id\":\"https:\/\/quartiergreene.ca\/fr\/a-propos\/#primaryimage\",\"url\":\"https:\/\/quartiergreene.ca\/wp-content\/uploads\/2019\/05\/placeholder-listing.svg\",\"contentUrl\":\"https:\/\/quartiergreene.ca\/wp-content\/uploads\/2019\/05\/placeholder-listing.svg\",\"width\":556,\"height\":372,\"caption\":\"Placeholder\"},{\"@type\":\"BreadcrumbList\",\"@id\":\"https:\/\/quartiergreene.ca\/fr\/a-propos\/#breadcrumb\",\"itemListElement\":[{\"@type\":\"ListItem\",\"position\":1,\"name\":\"Home\",\"item\":\"https:\/\/quartiergreene.ca\/fr\/\"},{\"@type\":\"ListItem\",\"position\":2,\"name\":\"\u00c0 propos\"}]},{\"@type\":\"WebSite\",\"@id\":\"https:\/\/quartiergreene.ca\/fr\/#website\",\"url\":\"https:\/\/quartiergreene.ca\/fr\/\",\"name\":\"Quartier Greene\",\"description\":\"City style, neighbourhood charm\",\"publisher\":{\"@id\":\"https:\/\/quartiergreene.ca\/fr\/#organization\"},\"potentialAction\":[{\"@type\":\"SearchAction\",\"target\":{\"@type\":\"EntryPoint\",\"urlTemplate\":\"https:\/\/quartiergreene.ca\/fr\/?s={search_term_string}\"},\"query-input\":{\"@type\":\"PropertyValueSpecification\",\"valueRequired\":true,\"valueName\":\"search_term_string\"}}],\"inLanguage\":\"fr-FR\"},{\"@type\":\"Organization\",\"@id\":\"https:\/\/quartiergreene.ca\/fr\/#organization\",\"name\":\"Greene Neighbourhood Merchants\u2019 Association\",\"url\":\"https:\/\/quartiergreene.ca\/fr\/\",\"logo\":{\"@type\":\"ImageObject\",\"inLanguage\":\"fr-FR\",\"@id\":\"https:\/\/quartiergreene.ca\/fr\/#\/schema\/logo\/image\/\",\"url\":\"https:\/\/quartiergreene.ca\/wp-content\/uploads\/2019\/05\/logo-quartier-greene-westmount.svg\",\"contentUrl\":\"https:\/\/quartiergreene.ca\/wp-content\/uploads\/2019\/05\/logo-quartier-greene-westmount.svg\",\"width\":360,\"height\":65,\"caption\":\"Greene Neighbourhood Merchants\u2019 Association\"},\"image\":{\"@id\":\"https:\/\/quartiergreene.ca\/fr\/#\/schema\/logo\/image\/\"},\"sameAs\":[\"https:\/\/www.facebook.com\/Quartier-Greene-201511353217647\/\",\"https:\/\/x.com\/QuartierGreene\"]}]}<\/script>\n<!-- \/ Yoast SEO plugin. -->","yoast_head_json":{"title":"\u00c0 propos - Quartier Greene","robots":{"index":"index","follow":"follow","max-snippet":"max-snippet:-1","max-image-preview":"max-image-preview:large","max-video-preview":"max-video-preview:-1"},"canonical":"https:\/\/quartiergreene.ca\/fr\/a-propos\/","og_locale":"fr_FR","og_type":"article","og_title":"\u00c0 propos - Quartier Greene","og_description":"[vc_row][vc_column][vc_column_text] Association des marchands du quartier Greene Cr\u00e9\u00e9e en avril 2018 en tant qu\u2019OSBL (organisme sans but lucratif), l\u2019Association des marchands du quartier Greene se veut le regroupement des commer\u00e7ants et professionnels situ\u00e9s sur l\u2019avenue Greene (entre Sherbrooke et Sainte-Catherine) [&hellip;]","og_url":"https:\/\/quartiergreene.ca\/fr\/a-propos\/","og_site_name":"Quartier Greene","article_publisher":"https:\/\/www.facebook.com\/Quartier-Greene-201511353217647\/","article_modified_time":"2026-03-23T21:00:58+00:00","twitter_card":"summary_large_image","twitter_site":"@QuartierGreene","twitter_misc":{"Dur\u00e9e de lecture estim\u00e9e":"1 minute"},"schema":{"@context":"https:\/\/schema.org","@graph":[{"@type":"WebPage","@id":"https:\/\/quartiergreene.ca\/fr\/a-propos\/","url":"https:\/\/quartiergreene.ca\/fr\/a-propos\/","name":"\u00c0 propos - Quartier Greene","isPartOf":{"@id":"https:\/\/quartiergreene.ca\/fr\/#website"},"primaryImageOfPage":{"@id":"https:\/\/quartiergreene.ca\/fr\/a-propos\/#primaryimage"},"image":{"@id":"https:\/\/quartiergreene.ca\/fr\/a-propos\/#primaryimage"},"thumbnailUrl":"https:\/\/quartiergreene.ca\/wp-content\/uploads\/2019\/05\/placeholder-listing.svg","datePublished":"2019-05-03T18:06:52+00:00","dateModified":"2026-03-23T21:00:58+00:00","breadcrumb":{"@id":"https:\/\/quartiergreene.ca\/fr\/a-propos\/#breadcrumb"},"inLanguage":"fr-FR","potentialAction":[{"@type":"ReadAction","target":["https:\/\/quartiergreene.ca\/fr\/a-propos\/"]}]},{"@type":"ImageObject","inLanguage":"fr-FR","@id":"https:\/\/quartiergreene.ca\/fr\/a-propos\/#primaryimage","url":"https:\/\/quartiergreene.ca\/wp-content\/uploads\/2019\/05\/placeholder-listing.svg","contentUrl":"https:\/\/quartiergreene.ca\/wp-content\/uploads\/2019\/05\/placeholder-listing.svg","width":556,"height":372,"caption":"Placeholder"},{"@type":"BreadcrumbList","@id":"https:\/\/quartiergreene.ca\/fr\/a-propos\/#breadcrumb","itemListElement":[{"@type":"ListItem","position":1,"name":"Home","item":"https:\/\/quartiergreene.ca\/fr\/"},{"@type":"ListItem","position":2,"name":"\u00c0 propos"}]},{"@type":"WebSite","@id":"https:\/\/quartiergreene.ca\/fr\/#website","url":"https:\/\/quartiergreene.ca\/fr\/","name":"Quartier Greene","description":"City style, neighbourhood charm","publisher":{"@id":"https:\/\/quartiergreene.ca\/fr\/#organization"},"potentialAction":[{"@type":"SearchAction","target":{"@type":"EntryPoint","urlTemplate":"https:\/\/quartiergreene.ca\/fr\/?s={search_term_string}"},"query-input":{"@type":"PropertyValueSpecification","valueRequired":true,"valueName":"search_term_string"}}],"inLanguage":"fr-FR"},{"@type":"Organization","@id":"https:\/\/quartiergreene.ca\/fr\/#organization","name":"Greene Neighbourhood Merchants\u2019 Association","url":"https:\/\/quartiergreene.ca\/fr\/","logo":{"@type":"ImageObject","inLanguage":"fr-FR","@id":"https:\/\/quartiergreene.ca\/fr\/#\/schema\/logo\/image\/","url":"https:\/\/quartiergreene.ca\/wp-content\/uploads\/2019\/05\/logo-quartier-greene-westmount.svg","contentUrl":"https:\/\/quartiergreene.ca\/wp-content\/uploads\/2019\/05\/logo-quartier-greene-westmount.svg","width":360,"height":65,"caption":"Greene Neighbourhood Merchants\u2019 Association"},"image":{"@id":"https:\/\/quartiergreene.ca\/fr\/#\/schema\/logo\/image\/"},"sameAs":["https:\/\/www.facebook.com\/Quartier-Greene-201511353217647\/","https:\/\/x.com\/QuartierGreene"]}]}},"_links":{"self":[{"href":"https:\/\/quartiergreene.ca\/fr\/wp-json\/wp\/v2\/pages\/2814","targetHints":{"allow":["GET"]}}],"collection":[{"href":"https:\/\/quartiergreene.ca\/fr\/wp-json\/wp\/v2\/pages"}],"about":[{"href":"https:\/\/quartiergreene.ca\/fr\/wp-json\/wp\/v2\/types\/page"}],"author":[{"embeddable":true,"href":"https:\/\/quartiergreene.ca\/fr\/wp-json\/wp\/v2\/users\/1"}],"replies":[{"embeddable":true,"href":"https:\/\/quartiergreene.ca\/fr\/wp-json\/wp\/v2\/comments?post=2814"}],"version-history":[{"count":25,"href":"https:\/\/quartiergreene.ca\/fr\/wp-json\/wp\/v2\/pages\/2814\/revisions"}],"predecessor-version":[{"id":5380,"href":"https:\/\/quartiergreene.ca\/fr\/wp-json\/wp\/v2\/pages\/2814\/revisions\/5380"}],"wp:featuredmedia":[{"embeddable":true,"href":"https:\/\/quartiergreene.ca\/fr\/wp-json\/wp\/v2\/media\/3065"}],"wp:attachment":[{"href":"https:\/\/quartiergreene.ca\/fr\/wp-json\/wp\/v2\/media?parent=2814"}],"curies":[{"name":"wp","href":"https:\/\/api.w.org\/{rel}","templated":true}]}}